{"id":726,"date":"2023-09-27T11:45:19","date_gmt":"2023-09-27T10:45:19","guid":{"rendered":"https:\/\/saramaesnutricion.com\/aviso-legal\/"},"modified":"2025-11-13T15:56:53","modified_gmt":"2025-11-13T14:56:53","slug":"aviso-legal","status":"publish","type":"page","link":"https:\/\/saramaesnutricion.com\/ca\/aviso-legal\/","title":{"rendered":"Aviso Legal"},"content":{"rendered":"\t\t<div data-elementor-type=\"wp-page\" data-elementor-id=\"726\" class=\"elementor elementor-726 elementor-288\" data-elementor-post-type=\"page\">\n\t\t\t\t\t\t<section class=\"elementor-section elementor-top-section elementor-element elementor-element-d9b9ce0 elementor-section-boxed elementor-section-height-default elementor-section-height-default\" data-id=\"d9b9ce0\" data-element_type=\"section\">\n\t\t\t\t\t\t<div class=\"elementor-container elementor-column-gap-default\">\n\t\t\t\t\t<div class=\"elementor-column elementor-col-100 elementor-top-column elementor-element elementor-element-ca0cbeb\" data-id=\"ca0cbeb\" data-element_type=\"column\">\n\t\t\t<div class=\"elementor-widget-wrap elementor-element-populated\">\n\t\t\t\t\t\t<div class=\"elementor-element elementor-element-58278a8 elementor-widget elementor-widget-heading\" data-id=\"58278a8\" data-element_type=\"widget\" data-widget_type=\"heading.default\">\n\t\t\t\t<div class=\"elementor-widget-container\">\n\t\t\t\t\t<h2 class=\"elementor-heading-title elementor-size-default\">Av\u00eds Legal<\/h2>\t\t\t\t<\/div>\n\t\t\t\t<\/div>\n\t\t\t\t<div class=\"elementor-element elementor-element-fec4514 elementor-widget elementor-widget-text-editor\" data-id=\"fec4514\" data-element_type=\"widget\" data-widget_type=\"text-editor.default\">\n\t\t\t\t<div class=\"elementor-widget-container\">\n\t\t\t\t\t\t\t\t\t<p><b>DADES IDENTIFICATIVES<\/b><\/p><p>\u00a0<\/p><p>En compliment amb el deure informaci\u00f3 recollit a l&#8217;article 10 de la Llei 34\/2002, d&#8217;11 de juliol, de Serveis de la Societat de la Informaci\u00f3 i del Comer\u00e7 Electr\u00f2nic, a continuaci\u00f3, es reflecteixen les dades seg\u00fcents:<\/p><p>\u00a0<\/p><p>El titular d&#8217;aquest lloc web \u00e9sSara Mart\u00ednez Esteban, amb domicili ac\/Joan G\u00fcell, 38-40, 08028, Barcelona, amb n\u00famero de NIF:46996273M. Correu electr\u00f2nic de contactecontacto@saramaesnutricion.com<\/p><p>\u00a0<\/p><p>La informaci\u00f3 continguda awww.saramaesnutricion.com constitueix un servei d&#8217;informaci\u00f3 dels diversos serveis que ofereixSara Mart\u00ednez Esteban (d&#8217;ara endavant&#8221;Sara&#8221;) dins l&#8217;\u00e0mbit de la consultoria i assessorament inform\u00e0tic.<\/p><p><br \/><br \/><\/p><p><b>ACCEPTACI\u00d3 DE LES CONDICIONS D&#8217;\u00daS<\/b><\/p><p>\u00a0<\/p><p>L&#8217;acc\u00e9s a la webwww.saramaesnutricion.com exigeix \u200b\u200bl&#8217;acceptaci\u00f3 de les condicions d&#8217;\u00fas que en cada moment estiguin vigents en aquesta Web.<\/p><p><br \/><br \/><\/p><p><b>PROPIETAT INTEL\u00b7LECTUAL<\/b><\/p><p>\u00a0<\/p><p>El codi font, els dissenys gr\u00e0fics, les imatges, les fotografies, les animacions, el programari, els textos, aix\u00ed com la informaci\u00f3 i els continguts que es recullen awww.saramaesnutricion.com estan protegits per la legislaci\u00f3 espanyola sobre els drets de propietat intel\u00b7lectual i industrial a favor de&#8221;Sara&#8221;, i no es permet, la reproducci\u00f3 total o parcial d&#8217;aquesta Web, ni el seu tractament inform\u00e0tic, comunicaci\u00f3 p\u00fablica, distribuci\u00f3, difusi\u00f3, modificaci\u00f3, transformaci\u00f3 o descompilaci\u00f3, sense el perm\u00eds previ i per escrit del titular,&#8221;Sara&#8221; de conformitat amb el que disposen els articles 8 i 32 par\u00e0graf segon de la Llei de Propietat Intel\u00b7lectual.<\/p><p>\u00a0<\/p><p>L&#8217;usuari, \u00fanicament i exclusivament podr\u00e0 utilitzar el material que aparegui en aquesta Web per a \u00fas personal i privat, quedant prohibida la seva utilitzaci\u00f3 amb fins comercials o per inc\u00f3rrer en activitats il\u00b7l\u00edcites. Tots els drets derivats de la propietat intel\u00b7lectual estan expressament reservats per&#8221;Sara&#8221;.<\/p><p>\u00a0<\/p><p>&#8220;Sara&#8221; vetllar\u00e0 pel compliment de les condicions anteriors i per a la utilitzaci\u00f3 deguda dels continguts presentats al seu portal, exercint totes les accions civils i penals que li corresponguin en el cas d&#8217;infracci\u00f3 o incompliment d&#8217;aquests drets per part de l&#8217;usuari.<\/p><p><br \/><br \/><\/p><p><b>PROTECCI\u00d3 DE DADES DE CAR\u00c0CTER PERSONAL<\/b><\/p><p>\u00a0<\/p><p>L&#8217;acc\u00e9s a la p\u00e0gina web o el seu \u00fas no implica una recollida de dades personals de l&#8217;usuari per part de&#8221;Sara&#8221;. Aix\u00f2 no obstant, es comunica que, en el cas que&#8221;Sara&#8221; sol\u00b7licite dades personals, s&#8217;informar\u00e0 degudament a l&#8217;usuari d&#8217;acord amb el que estableix el Reglament general de protecci\u00f3 de dades i la resta de normativa que sigui aplicable relativa a la protecci\u00f3 de dades.<\/p><p>\u00a0<\/p><p>Les dades personals que recull&#8221;Sara&#8221; en els diferents tipus de formularis seran tractats amb la finalitat de donar resposta a la sol\u00b7licitud realitzada per l&#8217;interessat, aix\u00ed com per al manteniment de la relaci\u00f3 que si s&#8217;escau, i la gesti\u00f3, administraci\u00f3, informaci\u00f3, prestaci\u00f3 i millora dels serveis que decideixi contractar.<\/p><p>\u00a0<\/p><p>Per a una informaci\u00f3 m\u00e9s detallada quant a la Protecci\u00f3 de Dades, haureu d&#8217;accedir a la nostra \u201cPol\u00edtica de Privadesa\u201d.<\/p><p>\u00a0<\/p><p>&#8220;Sara&#8221; ha pres les mesures d&#8217;\u00edndole t\u00e8cnica i organitzativa necess\u00e0ries per garantir la seguretat de les dades i evitar-ne l&#8217;alteraci\u00f3, la p\u00e8rdua, el tractament o l&#8217;acc\u00e9s no autoritzat, tenint en compte l&#8217;estat de la tecnologia, la naturalesa de les dades emmagatzemades i els riscos a qu\u00e8 es troben exposats, ja provinguin de lacci\u00f3 humana o del medi f\u00edsic o natural.<\/p><p><br \/><br \/><\/p><p><b>DADES EN XARXES SOCIALS<\/b><\/p><p>\u00a0<\/p><p>&#8220;Sara&#8221; disposa de perfils a diferents xarxes socials, per la qual cosa hem d&#8217;advertir a l&#8217;usuari que totes les dades que publiqui en aquests perfils seran conegudes per tots aquells usuaris que tamb\u00e9 interactu\u00efn en aquest perfil o que simplement el consultin, tinguin aquests o no el seu propi perfil a la xarxa social, ja que tots els perfils de&#8221;Sara&#8221; s\u00f3n p\u00fablics. En conseq\u00fc\u00e8ncia, tota la informaci\u00f3 i continguts publicats per l&#8217;usuari als perfils de&#8221;Sara&#8221; ser\u00e0 objecte de comunicaci\u00f3 a la resta dels usuaris per la pr\u00f2pia naturalesa del servei. Us recomanem que consulteu les Pol\u00edtiques de Privadesa de les xarxes socials abans d&#8217;utilitzar aquests serveis.<\/p><p>\u00a0<\/p><p>En cas que l&#8217;usuari envi\u00ef informaci\u00f3 de qualsevol tipus a&#8221;Sara&#8221;, sobretot en el cas de dades de tercers, a trav\u00e9s de les xarxes socials, aquest declara i garanteix que est\u00e0 legitimat a enviar aquesta informaci\u00f3 i que no infringeix cap dret de propietat intel\u00b7lectual, de marca, de patent, secret comercial, o qualsevol un altre dret de tercer, que la informaci\u00f3 no t\u00e9 car\u00e0cter confidencial i que no fa malb\u00e9 o of\u00e8n tercers.<\/p><p>\u00a0<\/p><p>&#8220;Sara&#8221; nom\u00e9s \u00e9s responsable i garanteix la confidencialitat, seguretat i tractament de les dades conforme a la legislaci\u00f3 vigent, respecte de les dades que reculli directament de l&#8217;usuari, no tenint cap tipus de responsabilitat respecte dels tractaments i usos posteriors que la xarxa social pogu\u00e9s efectuar.<\/p><p><br \/><br \/><\/p><p><b>LIMITACI\u00d3 DE LA RESPONSABILITAT<\/b><\/p><p>\u00a0<\/p><p>&#8220;Sara&#8221; no es responsabilitza dels possibles danys o perjudicis que puguin succeir com a conseq\u00fc\u00e8ncia de l&#8217;\u00fas dels continguts de la Web, sent de responsabilitat exclusiva de l&#8217;usuari que hi accedeixi.<\/p><p>\u00a0<\/p><p>En el mateix sentit,&#8221;Sara&#8221; no es responsabilitza dels possibles perjudicis que es puguin derivar de l\u00fas duna versi\u00f3 no actualitzada o defectuosa del navegador, dinterrupcions en la connexi\u00f3 que es produeixin durant la transmissi\u00f3 de dades, virus inform\u00e0tics, avaries o desconnexions en el funcionament del sistema telem\u00e0tic, de bloquejos causats per defici\u00e8ncies o sobrec\u00e0rregues de les l\u00ednies telef\u00f2niques, aix\u00ed com de danys provocats per terceres persones mitjan\u00e7ant intromissions no autoritzades.<\/p><p>La Web de&#8221;Sara&#8221; cont\u00e9 enlla\u00e7os a altres p\u00e0gines web que poden ser interessants per als usuaris.&#8221;Sara&#8221; no assumeix cap responsabilitat sobre aquests enlla\u00e7os, no podent garantir-se el compliment de Pol\u00edtiques de Privadesa adequades, motiu pel qual l&#8217;usuari accedeix al contingut de les referides p\u00e0gines Web en les condicions d&#8217;\u00fas que es fixin en aquestes i sota la seva exclusiva responsabilitat.<\/p><p>\u00a0<\/p><p>&#8220;Sara&#8221; no es fa responsable de l&#8217;incompliment de qualsevol norma aplicable en qu\u00e8 l&#8217;usuari pugui inc\u00f3rrer en l&#8217;acc\u00e9s a la webwww.saramaesnutricion.com i\/o en l&#8217;\u00fas de les informacions que cont\u00e9.<\/p><p>\u00a0<\/p><p>&#8220;Sara&#8221; es reserva el dret a interrompre o denegar discrecionalment, en qualsevol moment i sense necessitat de previ av\u00eds, l&#8217;acc\u00e9s de qualsevol usuari als continguts d&#8217;acc\u00e9s restringit, quan hi concorrin alguna de les circumst\u00e0ncies descrites.<\/p><p><br \/><br \/><\/p><p><b>ENLLA\u00c7OS<\/b><\/p><p>\u00a0<\/p><p>Tots els enlla\u00e7os o links, hipertextual, framing o qualsevol altre tipus de connexi\u00f3 virtual a trav\u00e9s de xarxes de telecomunicaci\u00f3 des de qualsevol lloc web a la nostra p\u00e0gina web, haur\u00e0 de ser sol\u00b7licitat i autoritzat pr\u00e8viament i per escrit per&#8221;Sara&#8221;, i si no n&#8217;hi ha els enlla\u00e7os que s&#8217;estableixin a aquesta web, s&#8217;hauran de fer a la seva p\u00e0gina d&#8217;inici.<\/p><p>\u00a0<\/p><p>Els enlla\u00e7os que es realitzin a p\u00e0gines web de tercers tenen \u00fanicament una finalitat orientativa, i el seu objecte \u00e9s posar a disposici\u00f3 de l&#8217;usuari altres fonts d&#8217;informaci\u00f3 que puguin ser del seu inter\u00e8s.<\/p><p>\u00a0<\/p><p>&#8220;Sara&#8221; procura revisar peri\u00f2dicament el contingut dels seus enlla\u00e7os. Aix\u00f2 no obstant, \u00e9s impossible con\u00e8ixer en tot moment el contingut concret dels enlla\u00e7os proposats. Derivat d&#8217;aix\u00f2, sol\u00b7licitem la col\u00b7laboraci\u00f3 de qualsevol usuari que accedeixi als continguts esmentats en el sup\u00f2sit que els seus continguts poguessin ser contraris a la legalitat vigent, moral o ordre p\u00fablic, posant-ho en coneixement a trav\u00e9s del seg\u00fcent correu electr\u00f2niccontacto@saramaesnutricion.com<\/p><p><br \/><br \/><\/p><p><b>RESPONSABILITAT<\/b><\/p><p>\u00a0<\/p><p>En definitiva, l&#8217;usuari \u00e9s l&#8217;\u00fanic responsable de l&#8217;\u00fas que faci dels serveis, continguts, enlla\u00e7os (links) i hipertextos inclosos a la webwww.saramaesnutricion.com.<\/p><p><br \/><br \/><\/p><p><b>POL\u00cdTICA DE PRIVACITAT<\/b><\/p><p>\u00a0<\/p><p>Les dades de car\u00e0cter personal obtingudes mitjan\u00e7ant els diferents formularis de registre estan subjectes als termes recollits a la nostra Pol\u00edtica de Privadesa.<\/p><p><br \/><br \/><\/p><p><b>RESERVA<\/b><\/p><p>\u00a0<\/p><p>&#8220;Sara&#8221; es reserva la facultat en tot moment, sense necessitat de previ av\u00eds, d&#8217;efectuar modificacions i actualitzacions de la informaci\u00f3 continguda a la seva Web oa la seva configuraci\u00f3 i presentaci\u00f3. Aix\u00ed mateix, es reserva el dret a suspendre temporalment, i sense que sigui necessari av\u00eds previ, l&#8217;accessibilitat a la Web per raons d&#8217;eventual necessitat i per efectuar operacions de manteniment, reparaci\u00f3 o millora.<\/p><p>\u00a0<\/p><p>&#8220;Sara&#8221; es reserva el dret a incloure o retirar totalment o parcialment de la Web, qualsevol informaci\u00f3 a la seva discreci\u00f3 exclusiva.<\/p><p><br \/><br \/><\/p><p><b>LLEI APLICABLE I JURISDICCI\u00d3<\/b><\/p><p>\u00a0<\/p><p>Per a totes aquelles q\u00fcestions que es puguin suscitar amb motiu dinterpretaci\u00f3, execuci\u00f3 o eventual incompliment de les presents condicions dutilitzaci\u00f3, els usuaris, amb ren\u00fancia al seu propi fur, i amb independ\u00e8ncia del lloc on se susciti qualsevol disputa, se sotmetran expressament a la compet\u00e8ncia i jurisdicci\u00f3 dels jutjats i tribunals de Barcelona (Barcelona).<\/p><p>\u00a0<\/p><p>Aquestes condicions es regeixen, en tot cas, per la legislaci\u00f3 espanyola.<\/p><p><br \/><br \/><\/p><p>&#8220;Sara&#8221;<\/p><p>Tots els drets reservats<\/p>\t\t\t\t\t\t\t\t<\/div>\n\t\t\t\t<\/div>\n\t\t\t\t\t<\/div>\n\t\t<\/div>\n\t\t\t\t\t<\/div>\n\t\t<\/section>\n\t\t\t\t<\/div>\n\t\t","protected":false},"excerpt":{"rendered":"<p>Av\u00eds Legal DADES IDENTIFICATIVES \u00a0 En compliment amb el deure informaci\u00f3 recollit a l&#8217;article 10 de la Llei 34\/2002, d&#8217;11 de juliol, de Serveis de la Societat de la Informaci\u00f3 i del Comer\u00e7 Electr\u00f2nic, a continuaci\u00f3, es reflecteixen les dades seg\u00fcents: \u00a0 El titular d&#8217;aquest lloc web \u00e9sSara Mart\u00ednez Esteban, amb domicili ac\/Joan G\u00fcell, 38-40, [&hellip;]<\/p>\n","protected":false},"author":1,"featured_media":0,"parent":0,"menu_order":0,"comment_status":"closed","ping_status":"closed","template":"","meta":{"footnotes":""},"class_list":["post-726","page","type-page","status-publish","hentry"],"yoast_head":"<!-- This site is optimized with the Yoast SEO plugin v26.8 - https:\/\/yoast.com\/product\/yoast-seo-wordpress\/ -->\n<title>Aviso Legal - Nutricionista online y presencial<\/title>\n<meta name=\"robots\" content=\"index, follow, max-snippet:-1, max-image-preview:large, max-video-preview:-1\" \/>\n<link rel=\"canonical\" href=\"https:\/\/saramaesnutricion.com\/ca\/aviso-legal\/\" \/>\n<meta property=\"og:locale\" content=\"ca_ES\" \/>\n<meta property=\"og:type\" content=\"article\" \/>\n<meta property=\"og:title\" content=\"Aviso Legal - Nutricionista online y presencial\" \/>\n<meta property=\"og:description\" content=\"Av\u00eds Legal DADES IDENTIFICATIVES \u00a0 En compliment amb el deure informaci\u00f3 recollit a l&#8217;article 10 de la Llei 34\/2002, d&#8217;11 de juliol, de Serveis de la Societat de la Informaci\u00f3 i del Comer\u00e7 Electr\u00f2nic, a continuaci\u00f3, es reflecteixen les dades seg\u00fcents: \u00a0 El titular d&#8217;aquest lloc web \u00e9sSara Mart\u00ednez Esteban, amb domicili ac\/Joan G\u00fcell, 38-40, [&hellip;]\" \/>\n<meta property=\"og:url\" content=\"https:\/\/saramaesnutricion.com\/ca\/aviso-legal\/\" \/>\n<meta property=\"og:site_name\" content=\"Nutricionista online y presencial\" \/>\n<meta property=\"article:publisher\" content=\"https:\/\/www.facebook.com\/SaramartinezDN\/yoast\" \/>\n<meta property=\"article:modified_time\" content=\"2025-11-13T14:56:53+00:00\" \/>\n<meta name=\"twitter:card\" content=\"summary_large_image\" \/>\n<meta name=\"twitter:label1\" content=\"Temps estimat de lectura\" \/>\n\t<meta name=\"twitter:data1\" content=\"7 minuts\" \/>\n<script type=\"application\/ld+json\" class=\"yoast-schema-graph\">{\"@context\":\"https:\/\/schema.org\",\"@graph\":[{\"@type\":\"WebPage\",\"@id\":\"https:\/\/saramaesnutricion.com\/ca\/aviso-legal\/\",\"url\":\"https:\/\/saramaesnutricion.com\/ca\/aviso-legal\/\",\"name\":\"Aviso Legal - Nutricionista online y presencial\",\"isPartOf\":{\"@id\":\"https:\/\/saramaesnutricion.com\/ca\/#website\"},\"datePublished\":\"2023-09-27T10:45:19+00:00\",\"dateModified\":\"2025-11-13T14:56:53+00:00\",\"breadcrumb\":{\"@id\":\"https:\/\/saramaesnutricion.com\/ca\/aviso-legal\/#breadcrumb\"},\"inLanguage\":\"ca\",\"potentialAction\":[{\"@type\":\"ReadAction\",\"target\":[\"https:\/\/saramaesnutricion.com\/ca\/aviso-legal\/\"]}]},{\"@type\":\"BreadcrumbList\",\"@id\":\"https:\/\/saramaesnutricion.com\/ca\/aviso-legal\/#breadcrumb\",\"itemListElement\":[{\"@type\":\"ListItem\",\"position\":1,\"name\":\"Portada\",\"item\":\"https:\/\/saramaesnutricion.com\/ca\/nutricionista-online-i-presencial\/\"},{\"@type\":\"ListItem\",\"position\":2,\"name\":\"Aviso Legal\"}]},{\"@type\":\"WebSite\",\"@id\":\"https:\/\/saramaesnutricion.com\/ca\/#website\",\"url\":\"https:\/\/saramaesnutricion.com\/ca\/\",\"name\":\"SARAMAESNUTRICION\",\"description\":\"\",\"publisher\":{\"@id\":\"https:\/\/saramaesnutricion.com\/ca\/#organization\"},\"potentialAction\":[{\"@type\":\"SearchAction\",\"target\":{\"@type\":\"EntryPoint\",\"urlTemplate\":\"https:\/\/saramaesnutricion.com\/ca\/?s={search_term_string}\"},\"query-input\":{\"@type\":\"PropertyValueSpecification\",\"valueRequired\":true,\"valueName\":\"search_term_string\"}}],\"inLanguage\":\"ca\"},{\"@type\":\"Organization\",\"@id\":\"https:\/\/saramaesnutricion.com\/ca\/#organization\",\"name\":\"SARAMAESNUTRICION\",\"url\":\"https:\/\/saramaesnutricion.com\/ca\/\",\"logo\":{\"@type\":\"ImageObject\",\"inLanguage\":\"ca\",\"@id\":\"https:\/\/saramaesnutricion.com\/ca\/#\/schema\/logo\/image\/\",\"url\":\"https:\/\/saramaesnutricion.com\/wp-content\/uploads\/2023\/09\/logo_512.webp\",\"contentUrl\":\"https:\/\/saramaesnutricion.com\/wp-content\/uploads\/2023\/09\/logo_512.webp\",\"width\":512,\"height\":512,\"caption\":\"SARAMAESNUTRICION\"},\"image\":{\"@id\":\"https:\/\/saramaesnutricion.com\/ca\/#\/schema\/logo\/image\/\"},\"sameAs\":[\"https:\/\/www.facebook.com\/SaramartinezDN\/yoast\",\"https:\/\/www.instagram.com\/lanutricion_insta\/yoast\",\"https:\/\/www.linkedin.com\/in\/sara-martnez-esteban-\/yoast\"]}]}<\/script>\n<!-- \/ Yoast SEO plugin. -->","yoast_head_json":{"title":"Aviso Legal - Nutricionista online y presencial","robots":{"index":"index","follow":"follow","max-snippet":"max-snippet:-1","max-image-preview":"max-image-preview:large","max-video-preview":"max-video-preview:-1"},"canonical":"https:\/\/saramaesnutricion.com\/ca\/aviso-legal\/","og_locale":"ca_ES","og_type":"article","og_title":"Aviso Legal - Nutricionista online y presencial","og_description":"Av\u00eds Legal DADES IDENTIFICATIVES \u00a0 En compliment amb el deure informaci\u00f3 recollit a l&#8217;article 10 de la Llei 34\/2002, d&#8217;11 de juliol, de Serveis de la Societat de la Informaci\u00f3 i del Comer\u00e7 Electr\u00f2nic, a continuaci\u00f3, es reflecteixen les dades seg\u00fcents: \u00a0 El titular d&#8217;aquest lloc web \u00e9sSara Mart\u00ednez Esteban, amb domicili ac\/Joan G\u00fcell, 38-40, [&hellip;]","og_url":"https:\/\/saramaesnutricion.com\/ca\/aviso-legal\/","og_site_name":"Nutricionista online y presencial","article_publisher":"https:\/\/www.facebook.com\/SaramartinezDN\/yoast","article_modified_time":"2025-11-13T14:56:53+00:00","twitter_card":"summary_large_image","twitter_misc":{"Temps estimat de lectura":"7 minuts"},"schema":{"@context":"https:\/\/schema.org","@graph":[{"@type":"WebPage","@id":"https:\/\/saramaesnutricion.com\/ca\/aviso-legal\/","url":"https:\/\/saramaesnutricion.com\/ca\/aviso-legal\/","name":"Aviso Legal - Nutricionista online y presencial","isPartOf":{"@id":"https:\/\/saramaesnutricion.com\/ca\/#website"},"datePublished":"2023-09-27T10:45:19+00:00","dateModified":"2025-11-13T14:56:53+00:00","breadcrumb":{"@id":"https:\/\/saramaesnutricion.com\/ca\/aviso-legal\/#breadcrumb"},"inLanguage":"ca","potentialAction":[{"@type":"ReadAction","target":["https:\/\/saramaesnutricion.com\/ca\/aviso-legal\/"]}]},{"@type":"BreadcrumbList","@id":"https:\/\/saramaesnutricion.com\/ca\/aviso-legal\/#breadcrumb","itemListElement":[{"@type":"ListItem","position":1,"name":"Portada","item":"https:\/\/saramaesnutricion.com\/ca\/nutricionista-online-i-presencial\/"},{"@type":"ListItem","position":2,"name":"Aviso Legal"}]},{"@type":"WebSite","@id":"https:\/\/saramaesnutricion.com\/ca\/#website","url":"https:\/\/saramaesnutricion.com\/ca\/","name":"SARAMAESNUTRICION","description":"","publisher":{"@id":"https:\/\/saramaesnutricion.com\/ca\/#organization"},"potentialAction":[{"@type":"SearchAction","target":{"@type":"EntryPoint","urlTemplate":"https:\/\/saramaesnutricion.com\/ca\/?s={search_term_string}"},"query-input":{"@type":"PropertyValueSpecification","valueRequired":true,"valueName":"search_term_string"}}],"inLanguage":"ca"},{"@type":"Organization","@id":"https:\/\/saramaesnutricion.com\/ca\/#organization","name":"SARAMAESNUTRICION","url":"https:\/\/saramaesnutricion.com\/ca\/","logo":{"@type":"ImageObject","inLanguage":"ca","@id":"https:\/\/saramaesnutricion.com\/ca\/#\/schema\/logo\/image\/","url":"https:\/\/saramaesnutricion.com\/wp-content\/uploads\/2023\/09\/logo_512.webp","contentUrl":"https:\/\/saramaesnutricion.com\/wp-content\/uploads\/2023\/09\/logo_512.webp","width":512,"height":512,"caption":"SARAMAESNUTRICION"},"image":{"@id":"https:\/\/saramaesnutricion.com\/ca\/#\/schema\/logo\/image\/"},"sameAs":["https:\/\/www.facebook.com\/SaramartinezDN\/yoast","https:\/\/www.instagram.com\/lanutricion_insta\/yoast","https:\/\/www.linkedin.com\/in\/sara-martnez-esteban-\/yoast"]}]}},"_links":{"self":[{"href":"https:\/\/saramaesnutricion.com\/ca\/wp-json\/wp\/v2\/pages\/726","targetHints":{"allow":["GET"]}}],"collection":[{"href":"https:\/\/saramaesnutricion.com\/ca\/wp-json\/wp\/v2\/pages"}],"about":[{"href":"https:\/\/saramaesnutricion.com\/ca\/wp-json\/wp\/v2\/types\/page"}],"author":[{"embeddable":true,"href":"https:\/\/saramaesnutricion.com\/ca\/wp-json\/wp\/v2\/users\/1"}],"replies":[{"embeddable":true,"href":"https:\/\/saramaesnutricion.com\/ca\/wp-json\/wp\/v2\/comments?post=726"}],"version-history":[{"count":1,"href":"https:\/\/saramaesnutricion.com\/ca\/wp-json\/wp\/v2\/pages\/726\/revisions"}],"predecessor-version":[{"id":3183,"href":"https:\/\/saramaesnutricion.com\/ca\/wp-json\/wp\/v2\/pages\/726\/revisions\/3183"}],"wp:attachment":[{"href":"https:\/\/saramaesnutricion.com\/ca\/wp-json\/wp\/v2\/media?parent=726"}],"curies":[{"name":"wp","href":"https:\/\/api.w.org\/{rel}","templated":true}]}}